{"id":77056,"date":"2022-12-24T17:25:36","date_gmt":"2022-12-24T15:25:36","guid":{"rendered":"https:\/\/www.outdoors.ee\/?post_type=product&#038;p=77056"},"modified":"2025-08-26T15:30:10","modified_gmt":"2025-08-26T12:30:10","slug":"seljakott-ratel-mk2-backpack-cordura","status":"publish","type":"product","link":"https:\/\/www.outdoors.ee\/et\/toode\/seljakott-ratel-mk2-backpack-cordura\/","title":{"rendered":"Helikon-Tex\u00ae seljakott RATEL Mk2 Backpack"},"content":{"rendered":"<p>RATEL seljakoti uue p\u00f5lvkonna mudel. Kerge ning vastupidav, mahutavusega \u00fcle 25L seljakott on suurep\u00e4rane valik 1-2 p\u00e4eva matkadeks v\u00f5i igap\u00e4evakasutusse.<\/p>\n<p><strong>Omadused:<\/strong><\/p>\n<ul>\n<li>eemaldatav puusav\u00f6\u00f6 kiirvabastusklambriga<\/li>\n<li>vastupidav kandesang<\/li>\n<li>2 v\u00e4limist taskut t\u00f5mblukkudega<\/li>\n<li>takjapaneel \u00fclemisel taskul<\/li>\n<li>veekoti riputusaas peasahtlis<\/li>\n<li>MOLLE\/PALS paneelid ees ning k\u00fclgedel<\/li>\n<li>WooJin klambrid<\/li>\n<li>anatoomiliselt kujundatud, pehmendatud \u00f5larihmad<\/li>\n<li>veniv, kiirvabastusklambriga rinnarihm<\/li>\n<li>profileeritud, tugevdatud seljaosa<\/li>\n<li>YKK\u00ae t\u00f5mblukud<\/li>\n<li>maht ca 32,5L<\/li>\n<li>m\u00f5\u00f5tmed ca 51 x 15 x 29 cm \/ 20 x 6,9 x 11,4 in<\/li>\n<li>kaal 1323g<\/li>\n<li>materjal: 100% Cordura\u00ae nailon, 263 g\/m2<\/li>\n<\/ul>\n<p><strong>Seisukord:<\/strong> uus<\/p>\n","protected":false},"excerpt":{"rendered":"<p>RATEL seljakoti uue p\u00f5lvkonna mudel. Kerge ning vastupidav, mahutavusega \u00fcle 25L seljakott on suurep\u00e4rane valik 1-2 p\u00e4eva matkadeks v\u00f5i igap\u00e4evakasutusse.<\/p>\n","protected":false},"featured_media":77035,"template":"","meta":[],"product_brand":[],"product_cat":[3539],"product_tag":[],"class_list":{"0":"post-77056","1":"product","2":"type-product","3":"status-publish","4":"has-post-thumbnail","6":"product_cat-seljakotid","7":"pa_brand-helikon-tex","8":"pa_color-adaptive-green-2","9":"pa_color-black-2","10":"pa_color-coyote-2","11":"pa_color-multicam-2","12":"pa_color-olive-green-2","13":"pa_color-shadow-grey-2","15":"first","16":"instock","17":"taxable","18":"shipping-taxable","19":"purchasable","20":"product-type-variable"},"yoast_head":"<!-- This site is optimized with the Yoast SEO plugin v27.2 - https:\/\/yoast.com\/product\/yoast-seo-wordpress\/ -->\n<title>Helikon-Tex\u00ae seljakott RATEL Mk2 Backpack - Outdoors<\/title>\n<meta name=\"robots\" content=\"index, follow, max-snippet:-1, max-image-preview:large, max-video-preview:-1\" \/>\n<link rel=\"canonical\" href=\"https:\/\/www.outdoors.ee\/et\/toode\/seljakott-ratel-mk2-backpack-cordura\/\" \/>\n<meta property=\"og:locale\" content=\"et_EE\" \/>\n<meta property=\"og:type\" content=\"article\" \/>\n<meta property=\"og:title\" content=\"Helikon-Tex\u00ae seljakott RATEL Mk2 Backpack - Outdoors\" \/>\n<meta property=\"og:description\" content=\"RATEL seljakoti uue p\u00f5lvkonna mudel. Kerge ning vastupidav, mahutavusega \u00fcle 25L seljakott on suurep\u00e4rane valik 1-2 p\u00e4eva matkadeks v\u00f5i igap\u00e4evakasutusse.\" \/>\n<meta property=\"og:url\" content=\"https:\/\/www.outdoors.ee\/et\/toode\/seljakott-ratel-mk2-backpack-cordura\/\" \/>\n<meta property=\"og:site_name\" content=\"Outdoors\" \/>\n<meta property=\"article:modified_time\" content=\"2025-08-26T12:30:10+00:00\" \/>\n<meta property=\"og:image\" content=\"https:\/\/www.outdoors.ee\/wp-content\/uploads\/2022\/12\/Helikon-Tex\u00ae-RATEL-Mk2-Backpack-Cordura\u00ae-1.jpg\" \/>\n\t<meta property=\"og:image:width\" content=\"1500\" \/>\n\t<meta property=\"og:image:height\" content=\"1500\" \/>\n\t<meta property=\"og:image:type\" content=\"image\/jpeg\" \/>\n<meta name=\"twitter:card\" content=\"summary_large_image\" \/>\n<meta name=\"twitter:label1\" content=\"Est. reading time\" \/>\n\t<meta name=\"twitter:data1\" content=\"1 minut\" \/>\n<script type=\"application\/ld+json\" class=\"yoast-schema-graph\">{\"@context\":\"https:\/\/schema.org\",\"@graph\":[{\"@type\":\"WebPage\",\"@id\":\"https:\/\/www.outdoors.ee\/et\/toode\/seljakott-ratel-mk2-backpack-cordura\/\",\"url\":\"https:\/\/www.outdoors.ee\/et\/toode\/seljakott-ratel-mk2-backpack-cordura\/\",\"name\":\"Helikon-Tex\u00ae seljakott RATEL Mk2 Backpack - Outdoors\",\"isPartOf\":{\"@id\":\"https:\/\/www.outdoors.ee\/#website\"},\"primaryImageOfPage\":{\"@id\":\"https:\/\/www.outdoors.ee\/et\/toode\/seljakott-ratel-mk2-backpack-cordura\/#primaryimage\"},\"image\":{\"@id\":\"https:\/\/www.outdoors.ee\/et\/toode\/seljakott-ratel-mk2-backpack-cordura\/#primaryimage\"},\"thumbnailUrl\":\"https:\/\/www.outdoors.ee\/wp-content\/uploads\/2022\/12\/Helikon-Tex\u00ae-RATEL-Mk2-Backpack-Cordura\u00ae-1.jpg\",\"datePublished\":\"2022-12-24T15:25:36+00:00\",\"dateModified\":\"2025-08-26T12:30:10+00:00\",\"breadcrumb\":{\"@id\":\"https:\/\/www.outdoors.ee\/et\/toode\/seljakott-ratel-mk2-backpack-cordura\/#breadcrumb\"},\"inLanguage\":\"et\",\"potentialAction\":[{\"@type\":\"ReadAction\",\"target\":[\"https:\/\/www.outdoors.ee\/et\/toode\/seljakott-ratel-mk2-backpack-cordura\/\"]}]},{\"@type\":\"ImageObject\",\"inLanguage\":\"et\",\"@id\":\"https:\/\/www.outdoors.ee\/et\/toode\/seljakott-ratel-mk2-backpack-cordura\/#primaryimage\",\"url\":\"https:\/\/www.outdoors.ee\/wp-content\/uploads\/2022\/12\/Helikon-Tex\u00ae-RATEL-Mk2-Backpack-Cordura\u00ae-1.jpg\",\"contentUrl\":\"https:\/\/www.outdoors.ee\/wp-content\/uploads\/2022\/12\/Helikon-Tex\u00ae-RATEL-Mk2-Backpack-Cordura\u00ae-1.jpg\",\"width\":1500,\"height\":1500},{\"@type\":\"BreadcrumbList\",\"@id\":\"https:\/\/www.outdoors.ee\/et\/toode\/seljakott-ratel-mk2-backpack-cordura\/#breadcrumb\",\"itemListElement\":[{\"@type\":\"ListItem\",\"position\":1,\"name\":\"Home\",\"item\":\"https:\/\/www.outdoors.ee\/et\/\"},{\"@type\":\"ListItem\",\"position\":2,\"name\":\"Tooted\",\"item\":\"https:\/\/www.outdoors.ee\/products\/\"},{\"@type\":\"ListItem\",\"position\":3,\"name\":\"Helikon-Tex\u00ae seljakott RATEL Mk2 Backpack\"}]},{\"@type\":\"WebSite\",\"@id\":\"https:\/\/www.outdoors.ee\/#website\",\"url\":\"https:\/\/www.outdoors.ee\/\",\"name\":\"Outdoors\",\"description\":\"Genuine military surplus and not only!\",\"potentialAction\":[{\"@type\":\"SearchAction\",\"target\":{\"@type\":\"EntryPoint\",\"urlTemplate\":\"https:\/\/www.outdoors.ee\/?s={search_term_string}\"},\"query-input\":{\"@type\":\"PropertyValueSpecification\",\"valueRequired\":true,\"valueName\":\"search_term_string\"}}],\"inLanguage\":\"et\"}]}<\/script>\n<!-- \/ Yoast SEO plugin. -->","yoast_head_json":{"title":"Helikon-Tex\u00ae seljakott RATEL Mk2 Backpack - Outdoors","robots":{"index":"index","follow":"follow","max-snippet":"max-snippet:-1","max-image-preview":"max-image-preview:large","max-video-preview":"max-video-preview:-1"},"canonical":"https:\/\/www.outdoors.ee\/et\/toode\/seljakott-ratel-mk2-backpack-cordura\/","og_locale":"et_EE","og_type":"article","og_title":"Helikon-Tex\u00ae seljakott RATEL Mk2 Backpack - Outdoors","og_description":"RATEL seljakoti uue p\u00f5lvkonna mudel. Kerge ning vastupidav, mahutavusega \u00fcle 25L seljakott on suurep\u00e4rane valik 1-2 p\u00e4eva matkadeks v\u00f5i igap\u00e4evakasutusse.","og_url":"https:\/\/www.outdoors.ee\/et\/toode\/seljakott-ratel-mk2-backpack-cordura\/","og_site_name":"Outdoors","article_modified_time":"2025-08-26T12:30:10+00:00","og_image":[{"width":1500,"height":1500,"url":"https:\/\/www.outdoors.ee\/wp-content\/uploads\/2022\/12\/Helikon-Tex\u00ae-RATEL-Mk2-Backpack-Cordura\u00ae-1.jpg","type":"image\/jpeg"}],"twitter_card":"summary_large_image","twitter_misc":{"Est. reading time":"1 minut"},"schema":{"@context":"https:\/\/schema.org","@graph":[{"@type":"WebPage","@id":"https:\/\/www.outdoors.ee\/et\/toode\/seljakott-ratel-mk2-backpack-cordura\/","url":"https:\/\/www.outdoors.ee\/et\/toode\/seljakott-ratel-mk2-backpack-cordura\/","name":"Helikon-Tex\u00ae seljakott RATEL Mk2 Backpack - Outdoors","isPartOf":{"@id":"https:\/\/www.outdoors.ee\/#website"},"primaryImageOfPage":{"@id":"https:\/\/www.outdoors.ee\/et\/toode\/seljakott-ratel-mk2-backpack-cordura\/#primaryimage"},"image":{"@id":"https:\/\/www.outdoors.ee\/et\/toode\/seljakott-ratel-mk2-backpack-cordura\/#primaryimage"},"thumbnailUrl":"https:\/\/www.outdoors.ee\/wp-content\/uploads\/2022\/12\/Helikon-Tex\u00ae-RATEL-Mk2-Backpack-Cordura\u00ae-1.jpg","datePublished":"2022-12-24T15:25:36+00:00","dateModified":"2025-08-26T12:30:10+00:00","breadcrumb":{"@id":"https:\/\/www.outdoors.ee\/et\/toode\/seljakott-ratel-mk2-backpack-cordura\/#breadcrumb"},"inLanguage":"et","potentialAction":[{"@type":"ReadAction","target":["https:\/\/www.outdoors.ee\/et\/toode\/seljakott-ratel-mk2-backpack-cordura\/"]}]},{"@type":"ImageObject","inLanguage":"et","@id":"https:\/\/www.outdoors.ee\/et\/toode\/seljakott-ratel-mk2-backpack-cordura\/#primaryimage","url":"https:\/\/www.outdoors.ee\/wp-content\/uploads\/2022\/12\/Helikon-Tex\u00ae-RATEL-Mk2-Backpack-Cordura\u00ae-1.jpg","contentUrl":"https:\/\/www.outdoors.ee\/wp-content\/uploads\/2022\/12\/Helikon-Tex\u00ae-RATEL-Mk2-Backpack-Cordura\u00ae-1.jpg","width":1500,"height":1500},{"@type":"BreadcrumbList","@id":"https:\/\/www.outdoors.ee\/et\/toode\/seljakott-ratel-mk2-backpack-cordura\/#breadcrumb","itemListElement":[{"@type":"ListItem","position":1,"name":"Home","item":"https:\/\/www.outdoors.ee\/et\/"},{"@type":"ListItem","position":2,"name":"Tooted","item":"https:\/\/www.outdoors.ee\/products\/"},{"@type":"ListItem","position":3,"name":"Helikon-Tex\u00ae seljakott RATEL Mk2 Backpack"}]},{"@type":"WebSite","@id":"https:\/\/www.outdoors.ee\/#website","url":"https:\/\/www.outdoors.ee\/","name":"Outdoors","description":"Genuine military surplus and not only!","potentialAction":[{"@type":"SearchAction","target":{"@type":"EntryPoint","urlTemplate":"https:\/\/www.outdoors.ee\/?s={search_term_string}"},"query-input":{"@type":"PropertyValueSpecification","valueRequired":true,"valueName":"search_term_string"}}],"inLanguage":"et"}]}},"_links":{"self":[{"href":"https:\/\/www.outdoors.ee\/et\/wp-json\/wp\/v2\/product\/77056","targetHints":{"allow":["GET"]}}],"collection":[{"href":"https:\/\/www.outdoors.ee\/et\/wp-json\/wp\/v2\/product"}],"about":[{"href":"https:\/\/www.outdoors.ee\/et\/wp-json\/wp\/v2\/types\/product"}],"wp:featuredmedia":[{"embeddable":true,"href":"https:\/\/www.outdoors.ee\/et\/wp-json\/wp\/v2\/media\/77035"}],"wp:attachment":[{"href":"https:\/\/www.outdoors.ee\/et\/wp-json\/wp\/v2\/media?parent=77056"}],"wp:term":[{"taxonomy":"product_brand","embeddable":true,"href":"https:\/\/www.outdoors.ee\/et\/wp-json\/wp\/v2\/product_brand?post=77056"},{"taxonomy":"product_cat","embeddable":true,"href":"https:\/\/www.outdoors.ee\/et\/wp-json\/wp\/v2\/product_cat?post=77056"},{"taxonomy":"product_tag","embeddable":true,"href":"https:\/\/www.outdoors.ee\/et\/wp-json\/wp\/v2\/product_tag?post=77056"}],"curies":[{"name":"wp","href":"https:\/\/api.w.org\/{rel}","templated":true}]}}